{"id":1435,"date":"2026-06-12T17:35:39","date_gmt":"2026-06-12T17:35:39","guid":{"rendered":"https:\/\/ruprecht-webdesign.ch\/design-graphique\/"},"modified":"2026-07-30T20:16:18","modified_gmt":"2026-07-30T20:16:18","slug":"design-graphique","status":"publish","type":"page","link":"https:\/\/ruprecht-webdesign.ch\/fr\/design-graphique\/","title":{"rendered":"Design graphique"},"content":{"rendered":"<p>[et_pb_section fb_built=\u00a0\u00bb1&Prime; fullwidth=\u00a0\u00bbon\u00a0\u00bb _builder_version=\u00a0\u00bb4.27.6&Prime; _module_preset=\u00a0\u00bbdefault\u00a0\u00bb use_background_color_gradient=\u00a0\u00bbon\u00a0\u00bb background_color_gradient_stops=\u00a0\u00bbrgba(255,255,255,0.75) 0%|rgba(255,255,255,0.75) 100%\u00a0\u00bb background_color_gradient_overlays_image=\u00a0\u00bbon\u00a0\u00bb background_image=\u00a0\u00bbhttps:\/\/ruprecht-webdesign.ch\/wp-content\/uploads\/2024\/06\/Grafikdesign_graphic-design-partners-working-together-renovatio-2021-09-01-01-02-27-utc-scaled.jpg\u00a0\u00bb parallax=\u00a0\u00bbon\u00a0\u00bb parallax_method=\u00a0\u00bboff\u00a0\u00bb global_colors_info=\u00a0\u00bb{}\u00a0\u00bb][et_pb_fullwidth_header title=\u00a0\u00bbDesign graphique\u00a0\u00bb text_orientation=\u00a0\u00bbcenter\u00a0\u00bb header_fullscreen=\u00a0\u00bbon\u00a0\u00bb button_one_text=\u00a0\u00bben savoir plus\u00a0\u00bb button_one_url=\u00a0\u00bb#offer_about\u00a0\u00bb button_two_text=\u00a0\u00bbpour les fondateurs d&#039;entreprise\u00a0\u00bb button_two_url=\u00a0\u00bb#offer_special\u00a0\u00bb logo_image_url=\u00a0\u00bbhttps:\/\/ruprecht-webdesign.ch\/wp-content\/uploads\/2026\/07\/Logo-Ruprecht-Webdesign-2-300&#215;220.png\u00a0\u00bb _builder_version=\u00a0\u00bb4.27.7&Prime; _module_preset=\u00a0\u00bbdefault\u00a0\u00bb subhead_font=\u00a0\u00bbfuturabqdemibold|||on|||||\u00a0\u00bb subhead_text_color=\u00a0\u00bb#44546A\u00a0\u00bb background_enable_color=\u00a0\u00bboff\u00a0\u00bb background_layout=\u00a0\u00bblight\u00a0\u00bb title_text_shadow_style=\u00a0\u00bbpreset1&Prime; global_colors_info=\u00a0\u00bb{}\u00a0\u00bb]<\/p>\n<p>Du logo jusqu&rsquo;\u00e0 l&rsquo;identit\u00e9 visuelle compl\u00e8te, nous vous offrons tout concernant le design graphique pour votre entreprise<\/p>\n<p>[\/et_pb_fullwidth_header][\/et_pb_section][et_pb_section fb_built=\u00a0\u00bb1&Prime; admin_label=\u00a0\u00bbServices\u00a0\u00bb module_id=\u00a0\u00bboffer_about\u00a0\u00bb _builder_version=\u00a0\u00bb4.27.6&Prime; use_background_color_gradient=\u00a0\u00bbon\u00a0\u00bb background_color_gradient_stops=\u00a0\u00bbrgba(255,255,255,0.75) 0%|rgba(255,255,255,0.75) 100%\u00a0\u00bb background_color_gradient_overlays_image=\u00a0\u00bbon\u00a0\u00bb background_image=\u00a0\u00bbhttps:\/\/ruprecht-webdesign.ch\/wp-content\/uploads\/2024\/06\/Grafikdesign_graphic-design-partners-working-together-renovatio-2021-09-01-01-02-27-utc-scaled.jpg\u00a0\u00bb parallax=\u00a0\u00bbon\u00a0\u00bb parallax_method=\u00a0\u00bboff\u00a0\u00bb global_colors_info=\u00a0\u00bb{}\u00a0\u00bb][et_pb_row _builder_version=\u00a0\u00bb4.27.6&Prime; background_color=\u00a0\u00bbrgba(255,255,255,0.75)\u00a0\u00bb custom_padding=\u00a0\u00bb|||\u00a0\u00bb border_radii=\u00a0\u00bboff|24px|24px||\u00a0\u00bb border_width_all=\u00a0\u00bb24px\u00a0\u00bb border_color_all=\u00a0\u00bbRGBA(255,255,255,0)\u00a0\u00bb global_colors_info=\u00a0\u00bb{}\u00a0\u00bb][et_pb_column type=\u00a0\u00bb4_4&Prime; _builder_version=\u00a0\u00bb4.16&Prime; custom_padding=\u00a0\u00bb|||\u00a0\u00bb global_colors_info=\u00a0\u00bb{}\u00a0\u00bb custom_padding__hover=\u00a0\u00bb|||\u00a0\u00bb][et_pb_text _builder_version=\u00a0\u00bb4.27.7&Prime; text_font=\u00a0\u00bb||||||||\u00a0\u00bb header_font=\u00a0\u00bb||||||||\u00a0\u00bb header_2_font=\u00a0\u00bb|600||on|||||\u00a0\u00bb header_2_text_color=\u00a0\u00bb#317842&Prime; header_2_font_size=\u00a0\u00bb16px\u00a0\u00bb header_2_letter_spacing=\u00a0\u00bb3px\u00a0\u00bb header_2_line_height=\u00a0\u00bb1.8em\u00a0\u00bb header_3_font=\u00a0\u00bb||||||||\u00a0\u00bb text_orientation=\u00a0\u00bbcenter\u00a0\u00bb hover_enabled=\u00a0\u00bb0&Prime; global_colors_info=\u00a0\u00bb{}\u00a0\u00bb sticky_enabled=\u00a0\u00bb0&Prime;]<\/p>\n<h2>Design graphique: notre pr\u00e9station<\/h2>\n<p>[\/et_pb_text][et_pb_text _builder_version=\u00a0\u00bb4.27.7&Prime; _module_preset=\u00a0\u00bbdefault\u00a0\u00bb global_colors_info=\u00a0\u00bb{}\u00a0\u00bb]<\/p>\n<p>Du logo jusqu&rsquo;\u00e0 l&rsquo;identit\u00e9 visuelle compl\u00e8te, nous vous offrons tout concernant le design graphique pour votre entreprise<\/p>\n<p><\/p>\n<p>&nbsp;<\/p>\n<p>[\/et_pb_text][\/et_pb_column][\/et_pb_row][et_pb_row column_structure=\u00a0\u00bb1_2,1_2&Prime; _builder_version=\u00a0\u00bb4.27.6&Prime; _module_preset=\u00a0\u00bbdefault\u00a0\u00bb background_color=\u00a0\u00bbrgba(255,255,255,0.75)\u00a0\u00bb border_width_all=\u00a0\u00bb24px\u00a0\u00bb border_color_all=\u00a0\u00bbRGBA(255,255,255,0)\u00a0\u00bb global_colors_info=\u00a0\u00bb{}\u00a0\u00bb][et_pb_column type=\u00a0\u00bb1_2&Prime; _builder_version=\u00a0\u00bb4.27.0&Prime; _module_preset=\u00a0\u00bbdefault\u00a0\u00bb global_colors_info=\u00a0\u00bb{}\u00a0\u00bb][et_pb_toggle title=\u00a0\u00bbDesign du logo\u00a0\u00bb open_toggle_text_color=\u00a0\u00bb#CAB479&Prime; closed_toggle_text_color=\u00a0\u00bb#317842&Prime; closed_toggle_background_color=\u00a0\u00bbrgba(0,0,0,0)\u00a0\u00bb icon_color=\u00a0\u00bb#317842&Prime; open_icon_color=\u00a0\u00bb#CAB479&Prime; _builder_version=\u00a0\u00bb4.27.6&Prime; title_text_color=\u00a0\u00bb#000000&Prime; title_font=\u00a0\u00bbLato|700||on|||||\u00a0\u00bb title_font_size=\u00a0\u00bb12px\u00a0\u00bb title_letter_spacing=\u00a0\u00bb3px\u00a0\u00bb title_line_height=\u00a0\u00bb2em\u00a0\u00bb body_font=\u00a0\u00bb||||||||\u00a0\u00bb body_line_height=\u00a0\u00bb1.8em\u00a0\u00bb custom_margin=\u00a0\u00bb||0px|\u00a0\u00bb animation_style=\u00a0\u00bbslide\u00a0\u00bb animation_direction=\u00a0\u00bbright\u00a0\u00bb animation_delay=\u00a0\u00bb200ms\u00a0\u00bb animation_intensity_slide=\u00a0\u00bb5%\u00a0\u00bb border_width_bottom=\u00a0\u00bb0px\u00a0\u00bb global_colors_info=\u00a0\u00bb{}\u00a0\u00bb]<\/p>\n<ul>\n<li>4 suggestions pour le logo et l&rsquo;identit\u00e9 visuelle<\/li>\n<li>1 heure de r\u00e9union en ligne<\/li>\n<li>R\u00e9alisation de la version definitive, y inclus les mod\u00e8les pour imprimir les lettres, les couverts, et les cartes de visite<\/li>\n<\/ul>\n<p>[\/et_pb_toggle][et_pb_text _builder_version=\u00a0\u00bb4.27.6&Prime; text_font=\u00a0\u00bb||||||||\u00a0\u00bb text_text_color=\u00a0\u00bbrgba(0,0,0,0.3)\u00a0\u00bb text_font_size=\u00a0\u00bb12px\u00a0\u00bb text_line_height=\u00a0\u00bb1.8em\u00a0\u00bb link_font=\u00a0\u00bb|700||on|||||\u00a0\u00bb link_text_color=\u00a0\u00bb#317842&Prime; link_font_size=\u00a0\u00bb11px\u00a0\u00bb link_letter_spacing=\u00a0\u00bb2px\u00a0\u00bb header_font=\u00a0\u00bb||||||||\u00a0\u00bb max_width_tablet=\u00a0\u00bb\u00a0\u00bb max_width_phone=\u00a0\u00bb\u00a0\u00bb max_width_last_edited=\u00a0\u00bbon|desktop\u00a0\u00bb custom_margin=\u00a0\u00bb|||\u00a0\u00bb custom_padding=\u00a0\u00bb|20px|14px|20px||true\u00a0\u00bb border_width_all=\u00a0\u00bb1px\u00a0\u00bb border_color_all=\u00a0\u00bb#d9d9d9&Prime; border_width_top=\u00a0\u00bb0px\u00a0\u00bb locked=\u00a0\u00bboff\u00a0\u00bb global_colors_info=\u00a0\u00bb{}\u00a0\u00bb]<\/p>\n<p><a href=\"#\">Demander une offre \u00bb <\/a>Prix d\u00e8s Fr. 375<\/p>\n<p>[\/et_pb_text][\/et_pb_column][et_pb_column type=\u00a0\u00bb1_2&Prime; _builder_version=\u00a0\u00bb4.27.0&Prime; _module_preset=\u00a0\u00bbdefault\u00a0\u00bb global_colors_info=\u00a0\u00bb{}\u00a0\u00bb][et_pb_toggle title=\u00a0\u00bbCatalogue\u00a0\u00bb open_toggle_text_color=\u00a0\u00bb#CAB479&Prime; closed_toggle_text_color=\u00a0\u00bb#317842&Prime; closed_toggle_background_color=\u00a0\u00bbrgba(0,0,0,0)\u00a0\u00bb icon_color=\u00a0\u00bb#317842&Prime; open_icon_color=\u00a0\u00bb#CAB479&Prime; _builder_version=\u00a0\u00bb4.27.6&Prime; title_text_color=\u00a0\u00bb#000000&Prime; title_font=\u00a0\u00bbLato|700||on|||||\u00a0\u00bb title_font_size=\u00a0\u00bb12px\u00a0\u00bb title_letter_spacing=\u00a0\u00bb3px\u00a0\u00bb title_line_height=\u00a0\u00bb2em\u00a0\u00bb body_font=\u00a0\u00bb||||||||\u00a0\u00bb body_line_height=\u00a0\u00bb1.8em\u00a0\u00bb custom_margin=\u00a0\u00bb||0px|\u00a0\u00bb animation_style=\u00a0\u00bbslide\u00a0\u00bb animation_direction=\u00a0\u00bbright\u00a0\u00bb animation_delay=\u00a0\u00bb200ms\u00a0\u00bb animation_intensity_slide=\u00a0\u00bb5%\u00a0\u00bb border_width_bottom=\u00a0\u00bb0px\u00a0\u00bb global_colors_info=\u00a0\u00bb{}\u00a0\u00bb]<\/p>\n<ul>\n<li>R\u00e9union en ligne pour discuter le catalogue<\/li>\n<li>Cr\u00e9ation du contenu<\/li>\n<li>2e r\u00e9union pour discuter les adaptations<\/li>\n<li>R\u00e9alisation de la version d\u00e9finitive avec son mod\u00e8le pour imprimir<\/li>\n<\/ul>\n<p>[\/et_pb_toggle][et_pb_text _builder_version=\u00a0\u00bb4.27.6&Prime; text_font=\u00a0\u00bb||||||||\u00a0\u00bb text_text_color=\u00a0\u00bbrgba(0,0,0,0.3)\u00a0\u00bb text_font_size=\u00a0\u00bb12px\u00a0\u00bb text_line_height=\u00a0\u00bb1.8em\u00a0\u00bb link_font=\u00a0\u00bb|700||on|||||\u00a0\u00bb link_text_color=\u00a0\u00bb#317842&Prime; link_font_size=\u00a0\u00bb11px\u00a0\u00bb link_letter_spacing=\u00a0\u00bb2px\u00a0\u00bb header_font=\u00a0\u00bb||||||||\u00a0\u00bb max_width_tablet=\u00a0\u00bb\u00a0\u00bb max_width_phone=\u00a0\u00bb\u00a0\u00bb max_width_last_edited=\u00a0\u00bbon|desktop\u00a0\u00bb custom_margin=\u00a0\u00bb|||\u00a0\u00bb custom_padding=\u00a0\u00bb|20px|14px|20px||true\u00a0\u00bb border_width_all=\u00a0\u00bb1px\u00a0\u00bb border_color_all=\u00a0\u00bb#d9d9d9&Prime; border_width_top=\u00a0\u00bb0px\u00a0\u00bb locked=\u00a0\u00bboff\u00a0\u00bb global_colors_info=\u00a0\u00bb{}\u00a0\u00bb]<\/p>\n<p><a href=\"#\">Demander une offre \u00bb <\/a>Prix d\u00e8s Fr. 450<\/p>\n<p>[\/et_pb_text][\/et_pb_column][\/et_pb_row][et_pb_row _builder_version=\u00a0\u00bb4.27.6&Prime; background_color=\u00a0\u00bbrgba(255,255,255,0.75)\u00a0\u00bb border_radii=\u00a0\u00bboff|||24px|24px\u00a0\u00bb border_width_all=\u00a0\u00bb24px\u00a0\u00bb border_color_all=\u00a0\u00bbRGBA(255,255,255,0)\u00a0\u00bb locked=\u00a0\u00bboff\u00a0\u00bb global_colors_info=\u00a0\u00bb{}\u00a0\u00bb][et_pb_column type=\u00a0\u00bb4_4&Prime; _builder_version=\u00a0\u00bb4.16&Prime; custom_padding=\u00a0\u00bb|||\u00a0\u00bb global_colors_info=\u00a0\u00bb{}\u00a0\u00bb custom_padding__hover=\u00a0\u00bb|||\u00a0\u00bb][et_pb_text _builder_version=\u00a0\u00bb4.27.6&Prime; text_font=\u00a0\u00bb||||||||\u00a0\u00bb header_font=\u00a0\u00bb||||||||\u00a0\u00bb header_2_font=\u00a0\u00bb|600||on|||||\u00a0\u00bb header_2_text_color=\u00a0\u00bb#317842&Prime; header_2_font_size=\u00a0\u00bb16px\u00a0\u00bb header_2_letter_spacing=\u00a0\u00bb3px\u00a0\u00bb header_2_line_height=\u00a0\u00bb1.8em\u00a0\u00bb header_3_font=\u00a0\u00bb||||||||\u00a0\u00bb text_orientation=\u00a0\u00bbcenter\u00a0\u00bb max_width=\u00a0\u00bb700px\u00a0\u00bb module_alignment=\u00a0\u00bbcenter\u00a0\u00bb link_option_url=\u00a0\u00bbhttps:\/\/www.printzessin.ch\u00a0\u00bb link_option_url_new_window=\u00a0\u00bbon\u00a0\u00bb locked=\u00a0\u00bboff\u00a0\u00bb global_colors_info=\u00a0\u00bb{}\u00a0\u00bb]<\/p>\n<h2>Pour imprimer: \u00ab\u00a0Printzessin\u00a0\u00bb<\/h2>\n<p><\/p>\n<p>Exclusivement pour notre client\u00e8le en Suisse, nous offrons tous les document \u00e0 imprimir cl\u00e9 en main en collaboration avec la maison \u00ab\u00a0Printzessin\u00a0\u00bb \u00e0 Belp, proche de Berne. Pour une offre individuelle, nous restons enti\u00e8rement \u00e0 votre disposition.<\/p>\n<p>[\/et_pb_text][et_pb_image src=\u00a0\u00bbhttps:\/\/ruprecht-webdesign.ch\/wp-content\/uploads\/2026\/06\/Printzessin-1-300&#215;225.png\u00a0\u00bb title_text=\u00a0\u00bbPrintzessin\u00a0\u00bb url=\u00a0\u00bbhttps:\/\/www.printzessin.ch\u00a0\u00bb url_new_window=\u00a0\u00bbon\u00a0\u00bb align=\u00a0\u00bbcenter\u00a0\u00bb _builder_version=\u00a0\u00bb4.27.6&Prime; _module_preset=\u00a0\u00bbdefault\u00a0\u00bb global_colors_info=\u00a0\u00bb{}\u00a0\u00bb][\/et_pb_image][\/et_pb_column][\/et_pb_row][\/et_pb_section][et_pb_section fb_built=\u00a0\u00bb1&Prime; admin_label=\u00a0\u00bbPackages\u00a0\u00bb module_id=\u00a0\u00bboffer_special\u00a0\u00bb _builder_version=\u00a0\u00bb4.27.6&Prime; use_background_color_gradient=\u00a0\u00bbon\u00a0\u00bb background_color_gradient_stops=\u00a0\u00bbrgba(255,255,255,0.75) 0%|rgba(255,255,255,0.75) 99%\u00a0\u00bb background_color_gradient_overlays_image=\u00a0\u00bbon\u00a0\u00bb background_image=\u00a0\u00bbhttps:\/\/ruprecht-webdesign.ch\/wp-content\/uploads\/2024\/06\/Grafikdesign_graphic-design-partners-working-together-renovatio-2021-09-01-01-02-27-utc-scaled.jpg\u00a0\u00bb parallax=\u00a0\u00bbon\u00a0\u00bb parallax_method=\u00a0\u00bboff\u00a0\u00bb global_colors_info=\u00a0\u00bb{}\u00a0\u00bb][et_pb_row column_structure=\u00a0\u00bb2_5,3_5&Prime; make_equal=\u00a0\u00bbon\u00a0\u00bb padding_top_bottom_link_1=\u00a0\u00bbfalse\u00a0\u00bb padding_top_bottom_link_2=\u00a0\u00bbtrue\u00a0\u00bb _builder_version=\u00a0\u00bb4.27.6&Prime; background_color=\u00a0\u00bbrgba(255,255,255,0.75)\u00a0\u00bb custom_margin=\u00a0\u00bb40px||80px||false\u00a0\u00bb custom_padding=\u00a0\u00bb0|0px|0|0px|true|false\u00a0\u00bb animation_style=\u00a0\u00bbslide\u00a0\u00bb animation_direction=\u00a0\u00bbleft\u00a0\u00bb animation_intensity_slide=\u00a0\u00bb1%\u00a0\u00bb border_radii=\u00a0\u00bbon|24px|24px|24px|24px\u00a0\u00bb border_width_all=\u00a0\u00bb24px\u00a0\u00bb border_color_all=\u00a0\u00bbRGBA(255,255,255,0)\u00a0\u00bb box_shadow_style=\u00a0\u00bbpreset4&Prime; box_shadow_horizontal=\u00a0\u00bb780px\u00a0\u00bb box_shadow_vertical=\u00a0\u00bb0px\u00a0\u00bb box_shadow_color=\u00a0\u00bb#f5f6f9&Prime; global_module=\u00a0\u00bb1410&Prime; global_colors_info=\u00a0\u00bb{}\u00a0\u00bb][et_pb_column type=\u00a0\u00bb2_5&Prime; _builder_version=\u00a0\u00bb4.16&Prime; custom_padding=\u00a0\u00bb80px||40px|\u00a0\u00bb custom_padding_tablet=\u00a0\u00bb0px|||\u00a0\u00bb custom_padding_phone=\u00a0\u00bb0px|||\u00a0\u00bb custom_padding_last_edited=\u00a0\u00bbon|tablet\u00a0\u00bb global_colors_info=\u00a0\u00bb{}\u00a0\u00bb padding_tablet=\u00a0\u00bb0px|||\u00a0\u00bb padding_last_edited=\u00a0\u00bbon|tablet\u00a0\u00bb custom_padding__hover=\u00a0\u00bb|||\u00a0\u00bb padding_phone=\u00a0\u00bb0px|||\u00a0\u00bb][et_pb_text _builder_version=\u00a0\u00bb4.27.7&Prime; text_font=\u00a0\u00bb||||||||\u00a0\u00bb text_line_height=\u00a0\u00bb2em\u00a0\u00bb header_font=\u00a0\u00bb||||||||\u00a0\u00bb header_3_font=\u00a0\u00bbLato|900|||||||\u00a0\u00bb header_3_font_size=\u00a0\u00bb35px\u00a0\u00bb header_3_line_height=\u00a0\u00bb1.5em\u00a0\u00bb header_4_font=\u00a0\u00bbLato|700||on|||||\u00a0\u00bb header_4_text_color=\u00a0\u00bbrgba(12,12,12,0.27)\u00a0\u00bb header_4_font_size=\u00a0\u00bb13px\u00a0\u00bb header_4_letter_spacing=\u00a0\u00bb3px\u00a0\u00bb header_4_line_height=\u00a0\u00bb1.8em\u00a0\u00bb header_3_font_size_tablet=\u00a0\u00bb\u00a0\u00bb header_3_font_size_phone=\u00a0\u00bb25px\u00a0\u00bb header_3_font_size_last_edited=\u00a0\u00bbon|desktop\u00a0\u00bb global_colors_info=\u00a0\u00bb{}\u00a0\u00bb]<span style=\"display: inline-block; width: 0px; overflow: hidden; line-height: 0;\" data-mce-type=\"bookmark\" class=\"mce_SELRES_start\">\ufeff<\/span>[\/et_pb_text][et_pb_text _builder_version=\u00a0\u00bb4.27.7&Prime; text_font=\u00a0\u00bb||||||||\u00a0\u00bb text_line_height=\u00a0\u00bb2em\u00a0\u00bb ul_font=\u00a0\u00bb||||||||\u00a0\u00bb ul_line_height=\u00a0\u00bb2em\u00a0\u00bb locked=\u00a0\u00bboff\u00a0\u00bb global_colors_info=\u00a0\u00bb{}\u00a0\u00bb]<\/p>\n<ul>\n<li>Website \u00ab\u00a0Basis\u00a0\u00bb mit bis zu 10 Seiten<\/li>\n<li>Gestaltung des Logos (4 Entw\u00fcrfe)<\/li>\n<li>2x Freigabegespr\u00e4ch (je bis 1 Stunde)<\/li>\n<li>\u00dcbersetzung in eine weitere Fremsprache*<\/li>\n<li>Druckvorlagen f\u00fcr Briefpapier, Couverts und Visitenkarten<\/li>\n<li>1. Jahr Hosting gratis<\/li>\n<\/ul>\n<p><\/p>\n<p>\u00a0* wahlweise Englisch, Spanisch oder Franz\u00f6sisch. Hinweis: Bei zwei oder mehr \u00dcbersetungen verrechne ich den Mehraufwand zu Fr. 25 die Stunde.<\/p>\n<p>[\/et_pb_text][et_pb_text _builder_version=\u00a0\u00bb4.27.7&Prime; _module_preset=\u00a0\u00bbdefault\u00a0\u00bb global_colors_info=\u00a0\u00bb{}\u00a0\u00bb]<\/p>\n<h5>Preis: Fr. 875 all inclusive<\/h5>\n<p>[\/et_pb_text][\/et_pb_column][et_pb_column type=\u00a0\u00bb3_5&Prime; _builder_version=\u00a0\u00bb4.16&Prime; use_background_color_gradient=\u00a0\u00bbon\u00a0\u00bb background_color_gradient_direction=\u00a0\u00bb90deg\u00a0\u00bb background_color_gradient_stops=\u00a0\u00bbrgba(245,246,249,0) 50%|#f5f6f9 50%\u00a0\u00bb background_color_gradient_start=\u00a0\u00bbrgba(245,246,249,0)\u00a0\u00bb background_color_gradient_start_position=\u00a0\u00bb50%\u00a0\u00bb background_color_gradient_end=\u00a0\u00bb#f5f6f9&Prime; background_color_gradient_end_position=\u00a0\u00bb0%\u00a0\u00bb custom_padding=\u00a0\u00bb60px||60px|\u00a0\u00bb global_colors_info=\u00a0\u00bb{}\u00a0\u00bb custom_padding__hover=\u00a0\u00bb|||\u00a0\u00bb][et_pb_image src=\u00a0\u00bbhttps:\/\/ruprecht-webdesign.ch\/wp-content\/uploads\/2024\/07\/Kontakt-Visitenkarte-eigen_stacks-of-white-business-cards-on-dark-green-backg-2022-02-07-11-14-53-utc-scaled.jpg\u00a0\u00bb title_text=\u00a0\u00bbStacks of white business cards on dark green background\u00a0\u00bb align_tablet=\u00a0\u00bbcenter\u00a0\u00bb align_phone=\u00a0\u00bbcenter\u00a0\u00bb align_last_edited=\u00a0\u00bbon|desktop\u00a0\u00bb _builder_version=\u00a0\u00bb4.27.0&Prime; custom_margin=\u00a0\u00bb|-20%||\u00a0\u00bb custom_margin_tablet=\u00a0\u00bb|-10%||\u00a0\u00bb custom_margin_phone=\u00a0\u00bb|||\u00a0\u00bb custom_margin_last_edited=\u00a0\u00bbon|phone\u00a0\u00bb animation_style=\u00a0\u00bbslide\u00a0\u00bb animation_direction=\u00a0\u00bbleft\u00a0\u00bb animation_intensity_slide=\u00a0\u00bb5%\u00a0\u00bb global_colors_info=\u00a0\u00bb{}\u00a0\u00bb][\/et_pb_image][\/et_pb_column][\/et_pb_row][\/et_pb_section][et_pb_section fb_built=\u00a0\u00bb1&Prime; fullwidth=\u00a0\u00bbon\u00a0\u00bb admin_label=\u00a0\u00bbFooter\u00a0\u00bb module_id=\u00a0\u00bbcontact-call\u00a0\u00bb _builder_version=\u00a0\u00bb4.27.0&Prime; background_enable_color=\u00a0\u00bboff\u00a0\u00bb use_background_color_gradient=\u00a0\u00bbon\u00a0\u00bb background_color_gradient_stops=\u00a0\u00bbrgba(202,180,121,0.5) 0%|rgba(196,199,200,0.5) 100%\u00a0\u00bb background_color_gradient_overlays_image=\u00a0\u00bbon\u00a0\u00bb background_image=\u00a0\u00bbhttps:\/\/ruprecht-webdesign.ch\/wp-content\/uploads\/2024\/07\/Sekretariat-2_iStock-1133987610-scaled.jpg\u00a0\u00bb parallax=\u00a0\u00bbon\u00a0\u00bb global_module=\u00a0\u00bb287&Prime; saved_tabs=\u00a0\u00bball\u00a0\u00bb locked=\u00a0\u00bboff\u00a0\u00bb global_colors_info=\u00a0\u00bb{}\u00a0\u00bb][et_pb_fullwidth_header title=\u00a0\u00bbInt\u00e9ress\u00e9?\u00a0\u00bb subhead=\u00a0\u00bbSi vous avez des questions, je reste enti\u00e8rement \u00e0 votre disposition\u00a0\u00bb text_orientation=\u00a0\u00bbcenter\u00a0\u00bb button_one_text=\u00a0\u00bbcontacte\u00a0\u00bb button_one_url=\u00a0\u00bbhttps:\/\/ruprecht-webdesign.ch\/fr\/contacte\/\u00a0\u00bb _builder_version=\u00a0\u00bb4.27.6&Prime; title_level=\u00a0\u00bbh2&Prime; title_font=\u00a0\u00bbLato|900|||||||\u00a0\u00bb title_font_size=\u00a0\u00bb50px\u00a0\u00bb title_line_height=\u00a0\u00bb1.5em\u00a0\u00bb content_font=\u00a0\u00bb||||||||\u00a0\u00bb content_text_color=\u00a0\u00bb#44546A\u00a0\u00bb content_font_size=\u00a0\u00bb16px\u00a0\u00bb content_line_height=\u00a0\u00bb2em\u00a0\u00bb subhead_font=\u00a0\u00bb|700||on|||||\u00a0\u00bb subhead_text_color=\u00a0\u00bb#44546A\u00a0\u00bb subhead_font_size=\u00a0\u00bb14px\u00a0\u00bb subhead_letter_spacing=\u00a0\u00bb2px\u00a0\u00bb background_color=\u00a0\u00bbrgba(0,0,0,0)\u00a0\u00bb button_one_icon=\u00a0\u00bb&#x39;||divi||400&Prime; button_one_on_hover=\u00a0\u00bboff\u00a0\u00bb custom_button_two=\u00a0\u00bbon\u00a0\u00bb button_two_text_size=\u00a0\u00bb14px\u00a0\u00bb button_two_text_color=\u00a0\u00bb#ffffff\u00a0\u00bb button_two_bg_color=\u00a0\u00bbrgba(255,255,255,0)\u00a0\u00bb button_two_border_width=\u00a0\u00bb12px\u00a0\u00bb button_two_border_color=\u00a0\u00bbrgba(0,0,0,0)\u00a0\u00bb button_two_border_radius=\u00a0\u00bb0px\u00a0\u00bb button_two_letter_spacing=\u00a0\u00bb2px\u00a0\u00bb button_two_font=\u00a0\u00bb|600||on|||||\u00a0\u00bb button_two_icon=\u00a0\u00bb&#x39;||divi||400&Prime; button_two_on_hover=\u00a0\u00bboff\u00a0\u00bb background_layout=\u00a0\u00bblight\u00a0\u00bb custom_margin=\u00a0\u00bb|||\u00a0\u00bb custom_padding=\u00a0\u00bb6vw|||\u00a0\u00bb animation_style=\u00a0\u00bbzoom\u00a0\u00bb animation_intensity_zoom=\u00a0\u00bb-5%\u00a0\u00bb title_font_size_tablet=\u00a0\u00bb40px\u00a0\u00bb title_font_size_phone=\u00a0\u00bb25px\u00a0\u00bb title_font_size_last_edited=\u00a0\u00bbon|tablet\u00a0\u00bb border_width_all=\u00a0\u00bb24px\u00a0\u00bb border_color_all=\u00a0\u00bb#317842&Prime; box_shadow_style_button_two=\u00a0\u00bbpreset1&Prime; box_shadow_vertical_button_two=\u00a0\u00bb0px\u00a0\u00bb box_shadow_blur_button_two=\u00a0\u00bb0px\u00a0\u00bb box_shadow_spread_button_two=\u00a0\u00bb2px\u00a0\u00bb box_shadow_color_button_two=\u00a0\u00bb#0054ff\u00a0\u00bb button_one_letter_spacing_hover=\u00a0\u00bb2px\u00a0\u00bb button_two_letter_spacing_hover=\u00a0\u00bb2px\u00a0\u00bb global_colors_info=\u00a0\u00bb{}\u00a0\u00bb button_one_text_size__hover_enabled=\u00a0\u00bboff\u00a0\u00bb button_two_text_size__hover_enabled=\u00a0\u00bboff\u00a0\u00bb button_one_text_color__hover_enabled=\u00a0\u00bboff\u00a0\u00bb button_two_text_color__hover_enabled=\u00a0\u00bboff\u00a0\u00bb button_one_border_width__hover_enabled=\u00a0\u00bboff\u00a0\u00bb button_two_border_width__hover_enabled=\u00a0\u00bboff\u00a0\u00bb button_one_border_color__hover_enabled=\u00a0\u00bboff\u00a0\u00bb button_two_border_color__hover_enabled=\u00a0\u00bboff\u00a0\u00bb button_one_border_radius__hover_enabled=\u00a0\u00bboff\u00a0\u00bb button_two_border_radius__hover_enabled=\u00a0\u00bboff\u00a0\u00bb button_one_letter_spacing__hover_enabled=\u00a0\u00bbon\u00a0\u00bb button_one_letter_spacing__hover=\u00a0\u00bb2px\u00a0\u00bb button_two_letter_spacing__hover_enabled=\u00a0\u00bbon\u00a0\u00bb button_two_letter_spacing__hover=\u00a0\u00bb2px\u00a0\u00bb button_one_bg_color__hover_enabled=\u00a0\u00bboff\u00a0\u00bb button_two_bg_color__hover_enabled=\u00a0\u00bboff\u00a0\u00bb][\/et_pb_fullwidth_header][\/et_pb_section]<\/p>\n","protected":false},"excerpt":{"rendered":"<p>Du logo jusqu&rsquo;\u00e0 l&rsquo;identit\u00e9 visuelle compl\u00e8te, nous vous offrons tout concernant le design graphique pour votre entrepriseDesign graphique: notre pr\u00e9stationDu logo jusqu&rsquo;\u00e0 l&rsquo;identit\u00e9 visuelle compl\u00e8te, nous vous offrons tout concernant le design graphique pour votre entreprise&nbsp; 4 suggestions pour le logo et l&rsquo;identit\u00e9 visuelle 1 heure de r\u00e9union en ligne R\u00e9alisation de la version definitive, [&hellip;]<\/p>\n","protected":false},"author":1,"featured_media":0,"parent":0,"menu_order":0,"comment_status":"closed","ping_status":"closed","template":"","meta":{"_et_pb_use_builder":"on","_et_pb_old_content":"","_et_gb_content_width":"","footnotes":""},"class_list":["post-1435","page","type-page","status-publish","hentry"],"yoast_head":"<!-- This site is optimized with the Yoast SEO plugin v28.0 - https:\/\/yoast.com\/product\/yoast-seo-wordpress\/ -->\n<title>Design graphique - Ruprecht Webdesign<\/title>\n<meta name=\"description\" content=\"Du logo jusqu&#039;\u00e0 l&#039;identit\u00e9 visuelle compl\u00e8te, nous vous offrons tout concernant le design graphique pour votre entreprise\" \/>\n<meta name=\"robots\" content=\"index, follow, max-snippet:-1, max-image-preview:large, max-video-preview:-1\" \/>\n<link rel=\"canonical\" href=\"https:\/\/ruprecht-webdesign.ch\/fr\/design-graphique\/\" \/>\n<meta property=\"og:locale\" content=\"fr_FR\" \/>\n<meta property=\"og:type\" content=\"article\" \/>\n<meta property=\"og:title\" content=\"Design graphique - Ruprecht Webdesign\" \/>\n<meta property=\"og:description\" content=\"Du logo jusqu&#039;\u00e0 l&#039;identit\u00e9 visuelle compl\u00e8te, nous vous offrons tout concernant le design graphique pour votre entreprise\" \/>\n<meta property=\"og:url\" content=\"https:\/\/ruprecht-webdesign.ch\/fr\/design-graphique\/\" \/>\n<meta property=\"og:site_name\" content=\"Ruprecht Webdesign\" \/>\n<meta property=\"article:publisher\" content=\"https:\/\/www.facebook.com\/profile.php?id=61560676053098\" \/>\n<meta property=\"article:modified_time\" content=\"2026-07-30T20:16:18+00:00\" \/>\n<meta name=\"twitter:card\" content=\"summary_large_image\" \/>\n<meta name=\"twitter:label1\" content=\"Dur\u00e9e de lecture estim\u00e9e\" \/>\n\t<meta name=\"twitter:data1\" content=\"9 minutes\" \/>\n<script type=\"application\/ld+json\" class=\"yoast-schema-graph\">{\"@context\":\"https:\\\/\\\/schema.org\",\"@graph\":[{\"@type\":\"WebPage\",\"@id\":\"https:\\\/\\\/ruprecht-webdesign.ch\\\/fr\\\/design-graphique\\\/\",\"url\":\"https:\\\/\\\/ruprecht-webdesign.ch\\\/fr\\\/design-graphique\\\/\",\"name\":\"Design graphique - Ruprecht Webdesign\",\"isPartOf\":{\"@id\":\"https:\\\/\\\/ruprecht-webdesign.ch\\\/fr\\\/#website\"},\"datePublished\":\"2026-06-12T17:35:39+00:00\",\"dateModified\":\"2026-07-30T20:16:18+00:00\",\"description\":\"Du logo jusqu'\u00e0 l'identit\u00e9 visuelle compl\u00e8te, nous vous offrons tout concernant le design graphique pour votre entreprise\",\"breadcrumb\":{\"@id\":\"https:\\\/\\\/ruprecht-webdesign.ch\\\/fr\\\/design-graphique\\\/#breadcrumb\"},\"inLanguage\":\"fr-FR\",\"potentialAction\":[{\"@type\":\"ReadAction\",\"target\":[\"https:\\\/\\\/ruprecht-webdesign.ch\\\/fr\\\/design-graphique\\\/\"]}]},{\"@type\":\"BreadcrumbList\",\"@id\":\"https:\\\/\\\/ruprecht-webdesign.ch\\\/fr\\\/design-graphique\\\/#breadcrumb\",\"itemListElement\":[{\"@type\":\"ListItem\",\"position\":1,\"name\":\"Startseite\",\"item\":\"https:\\\/\\\/ruprecht-webdesign.ch\\\/fr\\\/\"},{\"@type\":\"ListItem\",\"position\":2,\"name\":\"Design graphique\"}]},{\"@type\":\"WebSite\",\"@id\":\"https:\\\/\\\/ruprecht-webdesign.ch\\\/fr\\\/#website\",\"url\":\"https:\\\/\\\/ruprecht-webdesign.ch\\\/fr\\\/\",\"name\":\"Ruprecht Webdesign\",\"description\":\"by Marc Oliver David Ruprecht\",\"publisher\":{\"@id\":\"https:\\\/\\\/ruprecht-webdesign.ch\\\/fr\\\/#organization\"},\"potentialAction\":[{\"@type\":\"SearchAction\",\"target\":{\"@type\":\"EntryPoint\",\"urlTemplate\":\"https:\\\/\\\/ruprecht-webdesign.ch\\\/fr\\\/?s={search_term_string}\"},\"query-input\":{\"@type\":\"PropertyValueSpecification\",\"valueRequired\":true,\"valueName\":\"search_term_string\"}}],\"inLanguage\":\"fr-FR\"},{\"@type\":\"Organization\",\"@id\":\"https:\\\/\\\/ruprecht-webdesign.ch\\\/fr\\\/#organization\",\"name\":\"Ruprecht Webdesign\",\"url\":\"https:\\\/\\\/ruprecht-webdesign.ch\\\/fr\\\/\",\"logo\":{\"@type\":\"ImageObject\",\"inLanguage\":\"fr-FR\",\"@id\":\"https:\\\/\\\/ruprecht-webdesign.ch\\\/fr\\\/#\\\/schema\\\/logo\\\/image\\\/\",\"url\":\"https:\\\/\\\/ruprecht-webdesign.ch\\\/wp-content\\\/uploads\\\/2025\\\/05\\\/@Logo-Ruprecht-Webdesign-Official.png\",\"contentUrl\":\"https:\\\/\\\/ruprecht-webdesign.ch\\\/wp-content\\\/uploads\\\/2025\\\/05\\\/@Logo-Ruprecht-Webdesign-Official.png\",\"width\":600,\"height\":300,\"caption\":\"Ruprecht Webdesign\"},\"image\":{\"@id\":\"https:\\\/\\\/ruprecht-webdesign.ch\\\/fr\\\/#\\\/schema\\\/logo\\\/image\\\/\"},\"sameAs\":[\"https:\\\/\\\/www.facebook.com\\\/profile.php?id=61560676053098\",\"https:\\\/\\\/www.linkedin.com\\\/in\\\/ruprecht-webdesign\"]}]}<\/script>\n<!-- \/ Yoast SEO plugin. -->","yoast_head_json":{"title":"Design graphique - Ruprecht Webdesign","description":"Du logo jusqu'\u00e0 l'identit\u00e9 visuelle compl\u00e8te, nous vous offrons tout concernant le design graphique pour votre entreprise","robots":{"index":"index","follow":"follow","max-snippet":"max-snippet:-1","max-image-preview":"max-image-preview:large","max-video-preview":"max-video-preview:-1"},"canonical":"https:\/\/ruprecht-webdesign.ch\/fr\/design-graphique\/","og_locale":"fr_FR","og_type":"article","og_title":"Design graphique - Ruprecht Webdesign","og_description":"Du logo jusqu'\u00e0 l'identit\u00e9 visuelle compl\u00e8te, nous vous offrons tout concernant le design graphique pour votre entreprise","og_url":"https:\/\/ruprecht-webdesign.ch\/fr\/design-graphique\/","og_site_name":"Ruprecht Webdesign","article_publisher":"https:\/\/www.facebook.com\/profile.php?id=61560676053098","article_modified_time":"2026-07-30T20:16:18+00:00","twitter_card":"summary_large_image","twitter_misc":{"Dur\u00e9e de lecture estim\u00e9e":"9 minutes"},"schema":{"@context":"https:\/\/schema.org","@graph":[{"@type":"WebPage","@id":"https:\/\/ruprecht-webdesign.ch\/fr\/design-graphique\/","url":"https:\/\/ruprecht-webdesign.ch\/fr\/design-graphique\/","name":"Design graphique - Ruprecht Webdesign","isPartOf":{"@id":"https:\/\/ruprecht-webdesign.ch\/fr\/#website"},"datePublished":"2026-06-12T17:35:39+00:00","dateModified":"2026-07-30T20:16:18+00:00","description":"Du logo jusqu'\u00e0 l'identit\u00e9 visuelle compl\u00e8te, nous vous offrons tout concernant le design graphique pour votre entreprise","breadcrumb":{"@id":"https:\/\/ruprecht-webdesign.ch\/fr\/design-graphique\/#breadcrumb"},"inLanguage":"fr-FR","potentialAction":[{"@type":"ReadAction","target":["https:\/\/ruprecht-webdesign.ch\/fr\/design-graphique\/"]}]},{"@type":"BreadcrumbList","@id":"https:\/\/ruprecht-webdesign.ch\/fr\/design-graphique\/#breadcrumb","itemListElement":[{"@type":"ListItem","position":1,"name":"Startseite","item":"https:\/\/ruprecht-webdesign.ch\/fr\/"},{"@type":"ListItem","position":2,"name":"Design graphique"}]},{"@type":"WebSite","@id":"https:\/\/ruprecht-webdesign.ch\/fr\/#website","url":"https:\/\/ruprecht-webdesign.ch\/fr\/","name":"Ruprecht Webdesign","description":"by Marc Oliver David Ruprecht","publisher":{"@id":"https:\/\/ruprecht-webdesign.ch\/fr\/#organization"},"potentialAction":[{"@type":"SearchAction","target":{"@type":"EntryPoint","urlTemplate":"https:\/\/ruprecht-webdesign.ch\/fr\/?s={search_term_string}"},"query-input":{"@type":"PropertyValueSpecification","valueRequired":true,"valueName":"search_term_string"}}],"inLanguage":"fr-FR"},{"@type":"Organization","@id":"https:\/\/ruprecht-webdesign.ch\/fr\/#organization","name":"Ruprecht Webdesign","url":"https:\/\/ruprecht-webdesign.ch\/fr\/","logo":{"@type":"ImageObject","inLanguage":"fr-FR","@id":"https:\/\/ruprecht-webdesign.ch\/fr\/#\/schema\/logo\/image\/","url":"https:\/\/ruprecht-webdesign.ch\/wp-content\/uploads\/2025\/05\/@Logo-Ruprecht-Webdesign-Official.png","contentUrl":"https:\/\/ruprecht-webdesign.ch\/wp-content\/uploads\/2025\/05\/@Logo-Ruprecht-Webdesign-Official.png","width":600,"height":300,"caption":"Ruprecht Webdesign"},"image":{"@id":"https:\/\/ruprecht-webdesign.ch\/fr\/#\/schema\/logo\/image\/"},"sameAs":["https:\/\/www.facebook.com\/profile.php?id=61560676053098","https:\/\/www.linkedin.com\/in\/ruprecht-webdesign"]}]}},"_links":{"self":[{"href":"https:\/\/ruprecht-webdesign.ch\/fr\/wp-json\/wp\/v2\/pages\/1435","targetHints":{"allow":["GET"]}}],"collection":[{"href":"https:\/\/ruprecht-webdesign.ch\/fr\/wp-json\/wp\/v2\/pages"}],"about":[{"href":"https:\/\/ruprecht-webdesign.ch\/fr\/wp-json\/wp\/v2\/types\/page"}],"author":[{"embeddable":true,"href":"https:\/\/ruprecht-webdesign.ch\/fr\/wp-json\/wp\/v2\/users\/1"}],"replies":[{"embeddable":true,"href":"https:\/\/ruprecht-webdesign.ch\/fr\/wp-json\/wp\/v2\/comments?post=1435"}],"version-history":[{"count":10,"href":"https:\/\/ruprecht-webdesign.ch\/fr\/wp-json\/wp\/v2\/pages\/1435\/revisions"}],"predecessor-version":[{"id":1967,"href":"https:\/\/ruprecht-webdesign.ch\/fr\/wp-json\/wp\/v2\/pages\/1435\/revisions\/1967"}],"wp:attachment":[{"href":"https:\/\/ruprecht-webdesign.ch\/fr\/wp-json\/wp\/v2\/media?parent=1435"}],"curies":[{"name":"wp","href":"https:\/\/api.w.org\/{rel}","templated":true}]}}