{"id":1442,"date":"2026-06-12T17:35:39","date_gmt":"2026-06-12T17:35:39","guid":{"rendered":"https:\/\/ruprecht-webdesign.ch\/diseno-grafico\/"},"modified":"2026-07-30T20:14:07","modified_gmt":"2026-07-30T20:14:07","slug":"diseno-grafico","status":"publish","type":"page","link":"https:\/\/ruprecht-webdesign.ch\/es\/diseno-grafico\/","title":{"rendered":"Dise\u00f1o gr\u00e1fico"},"content":{"rendered":"<p>[et_pb_section fb_built=\u00bb1&#8243; fullwidth=\u00bbon\u00bb _builder_version=\u00bb4.27.6&#8243; _module_preset=\u00bbdefault\u00bb use_background_color_gradient=\u00bbon\u00bb background_color_gradient_stops=\u00bbrgba(255,255,255,0.75) 0%|rgba(255,255,255,0.75) 100%\u00bb background_color_gradient_overlays_image=\u00bbon\u00bb background_image=\u00bbhttps:\/\/ruprecht-webdesign.ch\/wp-content\/uploads\/2024\/06\/Grafikdesign_graphic-design-partners-working-together-renovatio-2021-09-01-01-02-27-utc-scaled.jpg\u00bb parallax=\u00bbon\u00bb parallax_method=\u00bboff\u00bb global_colors_info=\u00bb{}\u00bb][et_pb_fullwidth_header title=\u00bbDise\u00f1o gr\u00e1fico\u00bb text_orientation=\u00bbcenter\u00bb header_fullscreen=\u00bbon\u00bb button_one_text=\u00bbm\u00e1s\u00bb button_one_url=\u00bb#offer_about\u00bb button_two_text=\u00bbpara fundadores\u00bb button_two_url=\u00bb#offer_special\u00bb logo_image_url=\u00bbhttps:\/\/ruprecht-webdesign.ch\/wp-content\/uploads\/2026\/07\/Logo-Ruprecht-Webdesign-2-300&#215;220.png\u00bb _builder_version=\u00bb4.27.7&#8243; _module_preset=\u00bbdefault\u00bb subhead_font=\u00bbfuturabqdemibold|||on|||||\u00bb subhead_text_color=\u00bb#44546A\u00bb background_enable_color=\u00bboff\u00bb background_layout=\u00bblight\u00bb title_text_shadow_style=\u00bbpreset1&#8243; global_colors_info=\u00bb{}\u00bb]<\/p>\n<p>Desde el logo hasta el dise\u00f1o corporativo completo para su empresa, ofrecemos todo concerniente el dise\u00f1o gr\u00e1fico<\/p>\n<p>[\/et_pb_fullwidth_header][\/et_pb_section][et_pb_section fb_built=\u00bb1&#8243; admin_label=\u00bbServices\u00bb module_id=\u00bboffer_about\u00bb _builder_version=\u00bb4.27.6&#8243; use_background_color_gradient=\u00bbon\u00bb background_color_gradient_stops=\u00bbrgba(255,255,255,0.75) 0%|rgba(255,255,255,0.75) 100%\u00bb background_color_gradient_overlays_image=\u00bbon\u00bb background_image=\u00bbhttps:\/\/ruprecht-webdesign.ch\/wp-content\/uploads\/2024\/06\/Grafikdesign_graphic-design-partners-working-together-renovatio-2021-09-01-01-02-27-utc-scaled.jpg\u00bb parallax=\u00bbon\u00bb parallax_method=\u00bboff\u00bb global_colors_info=\u00bb{}\u00bb][et_pb_row _builder_version=\u00bb4.27.6&#8243; background_color=\u00bbrgba(255,255,255,0.75)\u00bb custom_padding=\u00bb|||\u00bb border_radii=\u00bboff|24px|24px||\u00bb border_width_all=\u00bb24px\u00bb border_color_all=\u00bbRGBA(255,255,255,0)\u00bb global_colors_info=\u00bb{}\u00bb][et_pb_column type=\u00bb4_4&#8243; _builder_version=\u00bb4.16&#8243; custom_padding=\u00bb|||\u00bb global_colors_info=\u00bb{}\u00bb custom_padding__hover=\u00bb|||\u00bb][et_pb_text _builder_version=\u00bb4.27.7&#8243; text_font=\u00bb||||||||\u00bb header_font=\u00bb||||||||\u00bb header_2_font=\u00bb|600||on|||||\u00bb header_2_text_color=\u00bb#317842&#8243; header_2_font_size=\u00bb16px\u00bb header_2_letter_spacing=\u00bb3px\u00bb header_2_line_height=\u00bb1.8em\u00bb header_3_font=\u00bb||||||||\u00bb text_orientation=\u00bbcenter\u00bb hover_enabled=\u00bb0&#8243; global_colors_info=\u00bb{}\u00bb sticky_enabled=\u00bb0&#8243;]<\/p>\n<h2>Dise\u00f1o gr\u00e1fico: nuestra propuesta<\/h2>\n<p>[\/et_pb_text][et_pb_text _builder_version=\u00bb4.27.7&#8243; _module_preset=\u00bbdefault\u00bb global_colors_info=\u00bb{}\u00bb]<\/p>\n<p>Desde el logo hasta el dise\u00f1o corporativo completo para su empresa, ofrecemos todo concerniente el dise\u00f1o gr\u00e1fico<\/p>\n<p><\/p>\n<p>&nbsp;<\/p>\n<p>[\/et_pb_text][\/et_pb_column][\/et_pb_row][et_pb_row column_structure=\u00bb1_2,1_2&#8243; _builder_version=\u00bb4.27.6&#8243; _module_preset=\u00bbdefault\u00bb background_color=\u00bbrgba(255,255,255,0.75)\u00bb border_width_all=\u00bb24px\u00bb border_color_all=\u00bbRGBA(255,255,255,0)\u00bb global_colors_info=\u00bb{}\u00bb][et_pb_column type=\u00bb1_2&#8243; _builder_version=\u00bb4.27.0&#8243; _module_preset=\u00bbdefault\u00bb global_colors_info=\u00bb{}\u00bb][et_pb_toggle title=\u00bbDise\u00f1o corporativo\u00bb open_toggle_text_color=\u00bb#CAB479&#8243; closed_toggle_text_color=\u00bb#317842&#8243; closed_toggle_background_color=\u00bbrgba(0,0,0,0)\u00bb icon_color=\u00bb#317842&#8243; open_icon_color=\u00bb#CAB479&#8243; _builder_version=\u00bb4.27.6&#8243; title_text_color=\u00bb#000000&#8243; title_font=\u00bbLato|700||on|||||\u00bb title_font_size=\u00bb12px\u00bb title_letter_spacing=\u00bb3px\u00bb title_line_height=\u00bb2em\u00bb body_font=\u00bb||||||||\u00bb body_line_height=\u00bb1.8em\u00bb custom_margin=\u00bb||0px|\u00bb animation_style=\u00bbslide\u00bb animation_direction=\u00bbright\u00bb animation_delay=\u00bb200ms\u00bb animation_intensity_slide=\u00bb5%\u00bb border_width_bottom=\u00bb0px\u00bb global_colors_info=\u00bb{}\u00bb]<\/p>\n<ul>\n<li>4 sugerencias del logo y del dise\u00f1o corporativo<\/li>\n<li>1 hora de conferencia en linea<\/li>\n<li>Realisaci\u00f3n de la versi\u00f3n definitiva, incluido modelos para papel de carta, sobres, y tarjetas de visita<\/li>\n<\/ul>\n<p>[\/et_pb_toggle][et_pb_text _builder_version=\u00bb4.27.6&#8243; text_font=\u00bb||||||||\u00bb text_text_color=\u00bbrgba(0,0,0,0.3)\u00bb text_font_size=\u00bb12px\u00bb text_line_height=\u00bb1.8em\u00bb link_font=\u00bb|700||on|||||\u00bb link_text_color=\u00bb#317842&#8243; link_font_size=\u00bb11px\u00bb link_letter_spacing=\u00bb2px\u00bb header_font=\u00bb||||||||\u00bb max_width_tablet=\u00bb\u00bb max_width_phone=\u00bb\u00bb max_width_last_edited=\u00bbon|desktop\u00bb custom_margin=\u00bb|||\u00bb custom_padding=\u00bb|20px|14px|20px||true\u00bb border_width_all=\u00bb1px\u00bb border_color_all=\u00bb#d9d9d9&#8243; border_width_top=\u00bb0px\u00bb locked=\u00bboff\u00bb global_colors_info=\u00bb{}\u00bb]<\/p>\n<p><a href=\"#\">solicitar propuesta \u00bb <\/a>precio desde Fr. 375 \/ GS 3 Mio.<\/p>\n<p>[\/et_pb_text][\/et_pb_column][et_pb_column type=\u00bb1_2&#8243; _builder_version=\u00bb4.27.0&#8243; _module_preset=\u00bbdefault\u00bb global_colors_info=\u00bb{}\u00bb][et_pb_toggle title=\u00bbFollet\u00edn\u00bb open_toggle_text_color=\u00bb#CAB479&#8243; closed_toggle_text_color=\u00bb#317842&#8243; closed_toggle_background_color=\u00bbrgba(0,0,0,0)\u00bb icon_color=\u00bb#317842&#8243; open_icon_color=\u00bb#CAB479&#8243; _builder_version=\u00bb4.27.6&#8243; title_text_color=\u00bb#000000&#8243; title_font=\u00bbLato|700||on|||||\u00bb title_font_size=\u00bb12px\u00bb title_letter_spacing=\u00bb3px\u00bb title_line_height=\u00bb2em\u00bb body_font=\u00bb||||||||\u00bb body_line_height=\u00bb1.8em\u00bb custom_margin=\u00bb||0px|\u00bb animation_style=\u00bbslide\u00bb animation_direction=\u00bbright\u00bb animation_delay=\u00bb200ms\u00bb animation_intensity_slide=\u00bb5%\u00bb border_width_bottom=\u00bb0px\u00bb global_colors_info=\u00bb{}\u00bb]<\/p>\n<ul>\n<li>primera conferencia en linea para discutir el contenido<\/li>\n<li>dise\u00f1o del follet\u00edn<\/li>\n<li>segunda reuni\u00f3n para adaptar el contenido<\/li>\n<li>Realisaci\u00f3n de la versi\u00f3n definitiva completo con modelo para imprimir<\/li>\n<\/ul>\n<p>[\/et_pb_toggle][et_pb_text _builder_version=\u00bb4.27.6&#8243; text_font=\u00bb||||||||\u00bb text_text_color=\u00bbrgba(0,0,0,0.3)\u00bb text_font_size=\u00bb12px\u00bb text_line_height=\u00bb1.8em\u00bb link_font=\u00bb|700||on|||||\u00bb link_text_color=\u00bb#317842&#8243; link_font_size=\u00bb11px\u00bb link_letter_spacing=\u00bb2px\u00bb header_font=\u00bb||||||||\u00bb max_width_tablet=\u00bb\u00bb max_width_phone=\u00bb\u00bb max_width_last_edited=\u00bbon|desktop\u00bb custom_margin=\u00bb|||\u00bb custom_padding=\u00bb|20px|14px|20px||true\u00bb border_width_all=\u00bb1px\u00bb border_color_all=\u00bb#d9d9d9&#8243; border_width_top=\u00bb0px\u00bb locked=\u00bboff\u00bb global_colors_info=\u00bb{}\u00bb]<\/p>\n<p><a href=\"#\">Solicitar propuesta \u00bb <\/a>precio desde Fr. 450 \/ Gs 3.6 Mio<\/p>\n<p>[\/et_pb_text][\/et_pb_column][\/et_pb_row][et_pb_row _builder_version=\u00bb4.27.6&#8243; background_color=\u00bbrgba(255,255,255,0.75)\u00bb border_radii=\u00bboff|||24px|24px\u00bb border_width_all=\u00bb24px\u00bb border_color_all=\u00bbRGBA(255,255,255,0)\u00bb locked=\u00bboff\u00bb global_colors_info=\u00bb{}\u00bb][et_pb_column type=\u00bb4_4&#8243; _builder_version=\u00bb4.16&#8243; custom_padding=\u00bb|||\u00bb global_colors_info=\u00bb{}\u00bb custom_padding__hover=\u00bb|||\u00bb][et_pb_text _builder_version=\u00bb4.27.6&#8243; text_font=\u00bb||||||||\u00bb header_font=\u00bb||||||||\u00bb header_2_font=\u00bb|600||on|||||\u00bb header_2_text_color=\u00bb#317842&#8243; header_2_font_size=\u00bb16px\u00bb header_2_letter_spacing=\u00bb3px\u00bb header_2_line_height=\u00bb1.8em\u00bb header_3_font=\u00bb||||||||\u00bb text_orientation=\u00bbcenter\u00bb max_width=\u00bb700px\u00bb module_alignment=\u00bbcenter\u00bb link_option_url=\u00bbhttps:\/\/www.printzessin.ch\u00bb link_option_url_new_window=\u00bbon\u00bb locked=\u00bboff\u00bb global_colors_info=\u00bb{}\u00bb]<\/p>\n<h2>Para imprimir: Printzessin<\/h2>\n<p><\/p>\n<p>Exclusivamente para nuestros clientes en la Suiza, ofrecemos de imprimir todos sus doccumentos de advertencia llave en mano con Printzessin. \u00a1No dude en contactar con nosotros para solicitar una propuesta!<\/p>\n<p>[\/et_pb_text][et_pb_image src=\u00bbhttps:\/\/ruprecht-webdesign.ch\/wp-content\/uploads\/2026\/06\/Printzessin-1-300&#215;225.png\u00bb title_text=\u00bbPrintzessin\u00bb url=\u00bbhttps:\/\/www.printzessin.ch\u00bb url_new_window=\u00bbon\u00bb align=\u00bbcenter\u00bb _builder_version=\u00bb4.27.6&#8243; _module_preset=\u00bbdefault\u00bb global_colors_info=\u00bb{}\u00bb][\/et_pb_image][\/et_pb_column][\/et_pb_row][\/et_pb_section][et_pb_section fb_built=\u00bb1&#8243; admin_label=\u00bbPackages\u00bb module_id=\u00bboffer_special\u00bb _builder_version=\u00bb4.27.6&#8243; use_background_color_gradient=\u00bbon\u00bb background_color_gradient_stops=\u00bbrgba(255,255,255,0.75) 0%|rgba(255,255,255,0.75) 99%\u00bb background_color_gradient_overlays_image=\u00bbon\u00bb background_image=\u00bbhttps:\/\/ruprecht-webdesign.ch\/wp-content\/uploads\/2024\/06\/Grafikdesign_graphic-design-partners-working-together-renovatio-2021-09-01-01-02-27-utc-scaled.jpg\u00bb parallax=\u00bbon\u00bb parallax_method=\u00bboff\u00bb global_colors_info=\u00bb{}\u00bb][et_pb_row column_structure=\u00bb2_5,3_5&#8243; make_equal=\u00bbon\u00bb padding_top_bottom_link_1=\u00bbfalse\u00bb padding_top_bottom_link_2=\u00bbtrue\u00bb _builder_version=\u00bb4.27.6&#8243; background_color=\u00bbrgba(255,255,255,0.75)\u00bb custom_margin=\u00bb40px||80px||false\u00bb custom_padding=\u00bb0|0px|0|0px|true|false\u00bb animation_style=\u00bbslide\u00bb animation_direction=\u00bbleft\u00bb animation_intensity_slide=\u00bb1%\u00bb border_radii=\u00bbon|24px|24px|24px|24px\u00bb border_width_all=\u00bb24px\u00bb border_color_all=\u00bbRGBA(255,255,255,0)\u00bb box_shadow_style=\u00bbpreset4&#8243; box_shadow_horizontal=\u00bb780px\u00bb box_shadow_vertical=\u00bb0px\u00bb box_shadow_color=\u00bb#f5f6f9&#8243; global_module=\u00bb1410&#8243; global_colors_info=\u00bb{}\u00bb][et_pb_column type=\u00bb2_5&#8243; _builder_version=\u00bb4.16&#8243; custom_padding=\u00bb80px||40px|\u00bb custom_padding_tablet=\u00bb0px|||\u00bb custom_padding_phone=\u00bb0px|||\u00bb custom_padding_last_edited=\u00bbon|tablet\u00bb global_colors_info=\u00bb{}\u00bb padding_tablet=\u00bb0px|||\u00bb padding_last_edited=\u00bbon|tablet\u00bb custom_padding__hover=\u00bb|||\u00bb padding_phone=\u00bb0px|||\u00bb][et_pb_text _builder_version=\u00bb4.27.7&#8243; text_font=\u00bb||||||||\u00bb text_line_height=\u00bb2em\u00bb header_font=\u00bb||||||||\u00bb header_3_font=\u00bbLato|900|||||||\u00bb header_3_font_size=\u00bb35px\u00bb header_3_line_height=\u00bb1.5em\u00bb header_4_font=\u00bbLato|700||on|||||\u00bb header_4_text_color=\u00bbrgba(12,12,12,0.27)\u00bb header_4_font_size=\u00bb13px\u00bb header_4_letter_spacing=\u00bb3px\u00bb header_4_line_height=\u00bb1.8em\u00bb header_3_font_size_tablet=\u00bb\u00bb header_3_font_size_phone=\u00bb25px\u00bb header_3_font_size_last_edited=\u00bbon|desktop\u00bb global_colors_info=\u00bb{}\u00bb]<\/p>\n<h4>Alles aus einer Hand<\/h4>\n<p><\/p>\n<p>&nbsp;<\/p>\n<p><\/p>\n<h3>Paket \u00abMarketing all in one\u00bb<\/h3>\n<p><\/p>\n<p>&nbsp;<\/p>\n<p><\/p>\n<p>Auf Wunsch gestalte ich Ihren gesamten grafischen Auftritt samt Website von A bis Z &#8211; und das mehrsprachig! Dieses Angebot ist perfekt f\u00fcr Startups und Vereine, die ihre erste Website erstellen.<\/p>\n<p>[\/et_pb_text][et_pb_text _builder_version=\u00bb4.27.7&#8243; text_font=\u00bb||||||||\u00bb text_line_height=\u00bb2em\u00bb ul_font=\u00bb||||||||\u00bb ul_line_height=\u00bb2em\u00bb locked=\u00bboff\u00bb global_colors_info=\u00bb{}\u00bb]<\/p>\n<ul>\n<li>Website \u00abBasis\u00bb mit bis zu 10 Seiten<\/li>\n<li>Gestaltung des Logos (4 Entw\u00fcrfe)<\/li>\n<li>2x Freigabegespr\u00e4ch (je bis 1 Stunde)<\/li>\n<li>\u00dcbersetzung in eine weitere Fremsprache*<\/li>\n<li>Druckvorlagen f\u00fcr Briefpapier, Couverts und Visitenkarten<\/li>\n<li>1. Jahr Hosting gratis<\/li>\n<\/ul>\n<p><\/p>\n<p>\u00a0* wahlweise Englisch, Spanisch oder Franz\u00f6sisch. Hinweis: Bei zwei oder mehr \u00dcbersetungen verrechne ich den Mehraufwand zu Fr. 25 die Stunde.<\/p>\n<p>[\/et_pb_text][et_pb_text _builder_version=\u00bb4.27.7&#8243; _module_preset=\u00bbdefault\u00bb global_colors_info=\u00bb{}\u00bb]<\/p>\n<h5>Preis: Fr. 875 all inclusive<\/h5>\n<p>[\/et_pb_text][\/et_pb_column][et_pb_column type=\u00bb3_5&#8243; _builder_version=\u00bb4.16&#8243; use_background_color_gradient=\u00bbon\u00bb background_color_gradient_direction=\u00bb90deg\u00bb background_color_gradient_stops=\u00bbrgba(245,246,249,0) 50%|#f5f6f9 50%\u00bb background_color_gradient_start=\u00bbrgba(245,246,249,0)\u00bb background_color_gradient_start_position=\u00bb50%\u00bb background_color_gradient_end=\u00bb#f5f6f9&#8243; background_color_gradient_end_position=\u00bb0%\u00bb custom_padding=\u00bb60px||60px|\u00bb global_colors_info=\u00bb{}\u00bb custom_padding__hover=\u00bb|||\u00bb][et_pb_image src=\u00bbhttps:\/\/ruprecht-webdesign.ch\/wp-content\/uploads\/2024\/07\/Kontakt-Visitenkarte-eigen_stacks-of-white-business-cards-on-dark-green-backg-2022-02-07-11-14-53-utc-scaled.jpg\u00bb title_text=\u00bbStacks of white business cards on dark green background\u00bb align_tablet=\u00bbcenter\u00bb align_phone=\u00bbcenter\u00bb align_last_edited=\u00bbon|desktop\u00bb _builder_version=\u00bb4.27.0&#8243; custom_margin=\u00bb|-20%||\u00bb custom_margin_tablet=\u00bb|-10%||\u00bb custom_margin_phone=\u00bb|||\u00bb custom_margin_last_edited=\u00bbon|phone\u00bb animation_style=\u00bbslide\u00bb animation_direction=\u00bbleft\u00bb animation_intensity_slide=\u00bb5%\u00bb global_colors_info=\u00bb{}\u00bb][\/et_pb_image][\/et_pb_column][\/et_pb_row][\/et_pb_section][et_pb_section fb_built=\u00bb1&#8243; fullwidth=\u00bbon\u00bb admin_label=\u00bbFooter\u00bb module_id=\u00bbcontact-call\u00bb _builder_version=\u00bb4.27.0&#8243; background_enable_color=\u00bboff\u00bb use_background_color_gradient=\u00bbon\u00bb background_color_gradient_stops=\u00bbrgba(202,180,121,0.5) 0%|rgba(196,199,200,0.5) 100%\u00bb background_color_gradient_overlays_image=\u00bbon\u00bb background_image=\u00bbhttps:\/\/ruprecht-webdesign.ch\/wp-content\/uploads\/2024\/07\/Sekretariat-2_iStock-1133987610-scaled.jpg\u00bb parallax=\u00bbon\u00bb global_module=\u00bb287&#8243; saved_tabs=\u00bball\u00bb locked=\u00bboff\u00bb global_colors_info=\u00bb{}\u00bb][et_pb_fullwidth_header title=\u00bbInteressiert?\u00bb subhead=\u00bbNehmen Sie mit mir Kontakt auf &#8211; ich freue mich schon auf Ihre Anfrage!\u00bb text_orientation=\u00bbcenter\u00bb button_one_text=\u00bbContacto\u00bb button_one_url=\u00bbhttps:\/\/ruprecht-webdesign.ch\/es\/contacto\/\u00bb _builder_version=\u00bb4.27.6&#8243; title_level=\u00bbh2&#8243; title_font=\u00bbLato|900|||||||\u00bb title_font_size=\u00bb50px\u00bb title_line_height=\u00bb1.5em\u00bb content_font=\u00bb||||||||\u00bb content_text_color=\u00bb#44546A\u00bb content_font_size=\u00bb16px\u00bb content_line_height=\u00bb2em\u00bb subhead_font=\u00bb|700||on|||||\u00bb subhead_text_color=\u00bb#44546A\u00bb subhead_font_size=\u00bb14px\u00bb subhead_letter_spacing=\u00bb2px\u00bb background_color=\u00bbrgba(0,0,0,0)\u00bb button_one_icon=\u00bb&#x39;||divi||400&#8243; button_one_on_hover=\u00bboff\u00bb custom_button_two=\u00bbon\u00bb button_two_text_size=\u00bb14px\u00bb button_two_text_color=\u00bb#ffffff\u00bb button_two_bg_color=\u00bbrgba(255,255,255,0)\u00bb button_two_border_width=\u00bb12px\u00bb button_two_border_color=\u00bbrgba(0,0,0,0)\u00bb button_two_border_radius=\u00bb0px\u00bb button_two_letter_spacing=\u00bb2px\u00bb button_two_font=\u00bb|600||on|||||\u00bb button_two_icon=\u00bb&#x39;||divi||400&#8243; button_two_on_hover=\u00bboff\u00bb background_layout=\u00bblight\u00bb custom_margin=\u00bb|||\u00bb custom_padding=\u00bb6vw|||\u00bb animation_style=\u00bbzoom\u00bb animation_intensity_zoom=\u00bb-5%\u00bb title_font_size_tablet=\u00bb40px\u00bb title_font_size_phone=\u00bb25px\u00bb title_font_size_last_edited=\u00bbon|tablet\u00bb border_width_all=\u00bb24px\u00bb border_color_all=\u00bb#317842&#8243; box_shadow_style_button_two=\u00bbpreset1&#8243; box_shadow_vertical_button_two=\u00bb0px\u00bb box_shadow_blur_button_two=\u00bb0px\u00bb box_shadow_spread_button_two=\u00bb2px\u00bb box_shadow_color_button_two=\u00bb#0054ff\u00bb button_one_letter_spacing_hover=\u00bb2px\u00bb button_two_letter_spacing_hover=\u00bb2px\u00bb global_colors_info=\u00bb{}\u00bb button_one_text_size__hover_enabled=\u00bboff\u00bb button_two_text_size__hover_enabled=\u00bboff\u00bb button_one_text_color__hover_enabled=\u00bboff\u00bb button_two_text_color__hover_enabled=\u00bboff\u00bb button_one_border_width__hover_enabled=\u00bboff\u00bb button_two_border_width__hover_enabled=\u00bboff\u00bb button_one_border_color__hover_enabled=\u00bboff\u00bb button_two_border_color__hover_enabled=\u00bboff\u00bb button_one_border_radius__hover_enabled=\u00bboff\u00bb button_two_border_radius__hover_enabled=\u00bboff\u00bb button_one_letter_spacing__hover_enabled=\u00bbon\u00bb button_one_letter_spacing__hover=\u00bb2px\u00bb button_two_letter_spacing__hover_enabled=\u00bbon\u00bb button_two_letter_spacing__hover=\u00bb2px\u00bb button_one_bg_color__hover_enabled=\u00bboff\u00bb button_two_bg_color__hover_enabled=\u00bboff\u00bb][\/et_pb_fullwidth_header][\/et_pb_section]<\/p>\n","protected":false},"excerpt":{"rendered":"<p>Desde el logo hasta el dise\u00f1o corporativo completo para su empresa, ofrecemos todo concerniente el dise\u00f1o gr\u00e1ficoDise\u00f1o gr\u00e1fico: nuestra propuestaDesde el logo hasta el dise\u00f1o corporativo completo para su empresa, ofrecemos todo concerniente el dise\u00f1o gr\u00e1fico&nbsp; 4 sugerencias del logo y del dise\u00f1o corporativo 1 hora de conferencia en linea Realisaci\u00f3n de la versi\u00f3n definitiva, [&hellip;]<\/p>\n","protected":false},"author":1,"featured_media":0,"parent":0,"menu_order":0,"comment_status":"closed","ping_status":"closed","template":"","meta":{"_et_pb_use_builder":"on","_et_pb_old_content":"","_et_gb_content_width":"","footnotes":""},"class_list":["post-1442","page","type-page","status-publish","hentry"],"yoast_head":"<!-- This site is optimized with the Yoast SEO plugin v28.0 - https:\/\/yoast.com\/product\/yoast-seo-wordpress\/ -->\n<title>Dise\u00f1o gr\u00e1fico - Ruprecht Webdesign<\/title>\n<meta name=\"description\" content=\"Desde el logo hasta el dise\u00f1o corporativo completo para su empresa, ofrecemos todo concerniente el dise\u00f1o gr\u00e1fico\" \/>\n<meta name=\"robots\" content=\"index, follow, max-snippet:-1, max-image-preview:large, max-video-preview:-1\" \/>\n<link rel=\"canonical\" href=\"https:\/\/ruprecht-webdesign.ch\/es\/diseno-grafico\/\" \/>\n<meta property=\"og:locale\" content=\"es_ES\" \/>\n<meta property=\"og:type\" content=\"article\" \/>\n<meta property=\"og:title\" content=\"Dise\u00f1o gr\u00e1fico - Ruprecht Webdesign\" \/>\n<meta property=\"og:description\" content=\"Desde el logo hasta el dise\u00f1o corporativo completo para su empresa, ofrecemos todo concerniente el dise\u00f1o gr\u00e1fico\" \/>\n<meta property=\"og:url\" content=\"https:\/\/ruprecht-webdesign.ch\/es\/diseno-grafico\/\" \/>\n<meta property=\"og:site_name\" content=\"Ruprecht Webdesign\" \/>\n<meta property=\"article:publisher\" content=\"https:\/\/www.facebook.com\/profile.php?id=61560676053098\" \/>\n<meta property=\"article:modified_time\" content=\"2026-07-30T20:14:07+00:00\" \/>\n<meta name=\"twitter:card\" content=\"summary_large_image\" \/>\n<meta name=\"twitter:label1\" content=\"Tiempo de lectura\" \/>\n\t<meta name=\"twitter:data1\" content=\"9 minutos\" \/>\n<script type=\"application\/ld+json\" class=\"yoast-schema-graph\">{\"@context\":\"https:\\\/\\\/schema.org\",\"@graph\":[{\"@type\":\"WebPage\",\"@id\":\"https:\\\/\\\/ruprecht-webdesign.ch\\\/es\\\/diseno-grafico\\\/\",\"url\":\"https:\\\/\\\/ruprecht-webdesign.ch\\\/es\\\/diseno-grafico\\\/\",\"name\":\"Dise\u00f1o gr\u00e1fico - Ruprecht Webdesign\",\"isPartOf\":{\"@id\":\"https:\\\/\\\/ruprecht-webdesign.ch\\\/es\\\/#website\"},\"datePublished\":\"2026-06-12T17:35:39+00:00\",\"dateModified\":\"2026-07-30T20:14:07+00:00\",\"description\":\"Desde el logo hasta el dise\u00f1o corporativo completo para su empresa, ofrecemos todo concerniente el dise\u00f1o gr\u00e1fico\",\"breadcrumb\":{\"@id\":\"https:\\\/\\\/ruprecht-webdesign.ch\\\/es\\\/diseno-grafico\\\/#breadcrumb\"},\"inLanguage\":\"es\",\"potentialAction\":[{\"@type\":\"ReadAction\",\"target\":[\"https:\\\/\\\/ruprecht-webdesign.ch\\\/es\\\/diseno-grafico\\\/\"]}]},{\"@type\":\"BreadcrumbList\",\"@id\":\"https:\\\/\\\/ruprecht-webdesign.ch\\\/es\\\/diseno-grafico\\\/#breadcrumb\",\"itemListElement\":[{\"@type\":\"ListItem\",\"position\":1,\"name\":\"Startseite\",\"item\":\"https:\\\/\\\/ruprecht-webdesign.ch\\\/es\\\/\"},{\"@type\":\"ListItem\",\"position\":2,\"name\":\"Dise\u00f1o gr\u00e1fico\"}]},{\"@type\":\"WebSite\",\"@id\":\"https:\\\/\\\/ruprecht-webdesign.ch\\\/es\\\/#website\",\"url\":\"https:\\\/\\\/ruprecht-webdesign.ch\\\/es\\\/\",\"name\":\"Ruprecht Webdesign\",\"description\":\"by Marc Oliver David Ruprecht\",\"publisher\":{\"@id\":\"https:\\\/\\\/ruprecht-webdesign.ch\\\/es\\\/#organization\"},\"potentialAction\":[{\"@type\":\"SearchAction\",\"target\":{\"@type\":\"EntryPoint\",\"urlTemplate\":\"https:\\\/\\\/ruprecht-webdesign.ch\\\/es\\\/?s={search_term_string}\"},\"query-input\":{\"@type\":\"PropertyValueSpecification\",\"valueRequired\":true,\"valueName\":\"search_term_string\"}}],\"inLanguage\":\"es\"},{\"@type\":\"Organization\",\"@id\":\"https:\\\/\\\/ruprecht-webdesign.ch\\\/es\\\/#organization\",\"name\":\"Ruprecht Webdesign\",\"url\":\"https:\\\/\\\/ruprecht-webdesign.ch\\\/es\\\/\",\"logo\":{\"@type\":\"ImageObject\",\"inLanguage\":\"es\",\"@id\":\"https:\\\/\\\/ruprecht-webdesign.ch\\\/es\\\/#\\\/schema\\\/logo\\\/image\\\/\",\"url\":\"https:\\\/\\\/ruprecht-webdesign.ch\\\/wp-content\\\/uploads\\\/2025\\\/05\\\/@Logo-Ruprecht-Webdesign-Official.png\",\"contentUrl\":\"https:\\\/\\\/ruprecht-webdesign.ch\\\/wp-content\\\/uploads\\\/2025\\\/05\\\/@Logo-Ruprecht-Webdesign-Official.png\",\"width\":600,\"height\":300,\"caption\":\"Ruprecht Webdesign\"},\"image\":{\"@id\":\"https:\\\/\\\/ruprecht-webdesign.ch\\\/es\\\/#\\\/schema\\\/logo\\\/image\\\/\"},\"sameAs\":[\"https:\\\/\\\/www.facebook.com\\\/profile.php?id=61560676053098\",\"https:\\\/\\\/www.linkedin.com\\\/in\\\/ruprecht-webdesign\"]}]}<\/script>\n<!-- \/ Yoast SEO plugin. -->","yoast_head_json":{"title":"Dise\u00f1o gr\u00e1fico - Ruprecht Webdesign","description":"Desde el logo hasta el dise\u00f1o corporativo completo para su empresa, ofrecemos todo concerniente el dise\u00f1o gr\u00e1fico","robots":{"index":"index","follow":"follow","max-snippet":"max-snippet:-1","max-image-preview":"max-image-preview:large","max-video-preview":"max-video-preview:-1"},"canonical":"https:\/\/ruprecht-webdesign.ch\/es\/diseno-grafico\/","og_locale":"es_ES","og_type":"article","og_title":"Dise\u00f1o gr\u00e1fico - Ruprecht Webdesign","og_description":"Desde el logo hasta el dise\u00f1o corporativo completo para su empresa, ofrecemos todo concerniente el dise\u00f1o gr\u00e1fico","og_url":"https:\/\/ruprecht-webdesign.ch\/es\/diseno-grafico\/","og_site_name":"Ruprecht Webdesign","article_publisher":"https:\/\/www.facebook.com\/profile.php?id=61560676053098","article_modified_time":"2026-07-30T20:14:07+00:00","twitter_card":"summary_large_image","twitter_misc":{"Tiempo de lectura":"9 minutos"},"schema":{"@context":"https:\/\/schema.org","@graph":[{"@type":"WebPage","@id":"https:\/\/ruprecht-webdesign.ch\/es\/diseno-grafico\/","url":"https:\/\/ruprecht-webdesign.ch\/es\/diseno-grafico\/","name":"Dise\u00f1o gr\u00e1fico - Ruprecht Webdesign","isPartOf":{"@id":"https:\/\/ruprecht-webdesign.ch\/es\/#website"},"datePublished":"2026-06-12T17:35:39+00:00","dateModified":"2026-07-30T20:14:07+00:00","description":"Desde el logo hasta el dise\u00f1o corporativo completo para su empresa, ofrecemos todo concerniente el dise\u00f1o gr\u00e1fico","breadcrumb":{"@id":"https:\/\/ruprecht-webdesign.ch\/es\/diseno-grafico\/#breadcrumb"},"inLanguage":"es","potentialAction":[{"@type":"ReadAction","target":["https:\/\/ruprecht-webdesign.ch\/es\/diseno-grafico\/"]}]},{"@type":"BreadcrumbList","@id":"https:\/\/ruprecht-webdesign.ch\/es\/diseno-grafico\/#breadcrumb","itemListElement":[{"@type":"ListItem","position":1,"name":"Startseite","item":"https:\/\/ruprecht-webdesign.ch\/es\/"},{"@type":"ListItem","position":2,"name":"Dise\u00f1o gr\u00e1fico"}]},{"@type":"WebSite","@id":"https:\/\/ruprecht-webdesign.ch\/es\/#website","url":"https:\/\/ruprecht-webdesign.ch\/es\/","name":"Ruprecht Webdesign","description":"by Marc Oliver David Ruprecht","publisher":{"@id":"https:\/\/ruprecht-webdesign.ch\/es\/#organization"},"potentialAction":[{"@type":"SearchAction","target":{"@type":"EntryPoint","urlTemplate":"https:\/\/ruprecht-webdesign.ch\/es\/?s={search_term_string}"},"query-input":{"@type":"PropertyValueSpecification","valueRequired":true,"valueName":"search_term_string"}}],"inLanguage":"es"},{"@type":"Organization","@id":"https:\/\/ruprecht-webdesign.ch\/es\/#organization","name":"Ruprecht Webdesign","url":"https:\/\/ruprecht-webdesign.ch\/es\/","logo":{"@type":"ImageObject","inLanguage":"es","@id":"https:\/\/ruprecht-webdesign.ch\/es\/#\/schema\/logo\/image\/","url":"https:\/\/ruprecht-webdesign.ch\/wp-content\/uploads\/2025\/05\/@Logo-Ruprecht-Webdesign-Official.png","contentUrl":"https:\/\/ruprecht-webdesign.ch\/wp-content\/uploads\/2025\/05\/@Logo-Ruprecht-Webdesign-Official.png","width":600,"height":300,"caption":"Ruprecht Webdesign"},"image":{"@id":"https:\/\/ruprecht-webdesign.ch\/es\/#\/schema\/logo\/image\/"},"sameAs":["https:\/\/www.facebook.com\/profile.php?id=61560676053098","https:\/\/www.linkedin.com\/in\/ruprecht-webdesign"]}]}},"_links":{"self":[{"href":"https:\/\/ruprecht-webdesign.ch\/es\/wp-json\/wp\/v2\/pages\/1442","targetHints":{"allow":["GET"]}}],"collection":[{"href":"https:\/\/ruprecht-webdesign.ch\/es\/wp-json\/wp\/v2\/pages"}],"about":[{"href":"https:\/\/ruprecht-webdesign.ch\/es\/wp-json\/wp\/v2\/types\/page"}],"author":[{"embeddable":true,"href":"https:\/\/ruprecht-webdesign.ch\/es\/wp-json\/wp\/v2\/users\/1"}],"replies":[{"embeddable":true,"href":"https:\/\/ruprecht-webdesign.ch\/es\/wp-json\/wp\/v2\/comments?post=1442"}],"version-history":[{"count":12,"href":"https:\/\/ruprecht-webdesign.ch\/es\/wp-json\/wp\/v2\/pages\/1442\/revisions"}],"predecessor-version":[{"id":1963,"href":"https:\/\/ruprecht-webdesign.ch\/es\/wp-json\/wp\/v2\/pages\/1442\/revisions\/1963"}],"wp:attachment":[{"href":"https:\/\/ruprecht-webdesign.ch\/es\/wp-json\/wp\/v2\/media?parent=1442"}],"curies":[{"name":"wp","href":"https:\/\/api.w.org\/{rel}","templated":true}]}}